{"href":"http://player.captivate.fm/services/oembed?url=http%3A%2F%2Fplayer.captivate.fm%2Fepisode%2Fb2e6fe49-52db-4977-9b99-cf30c748b6be","version":"1.0","provider_name":"Captivate.FM","provider_url":"https://www.captivate.fm","width":600,"height":200,"type":"rich","html":"<iframe style=\"width: 100%; height: 200px;\" title=\"V+M #95 - Voc\u00ea precisa conhecer o Movimento Armorial\" frameborder=\"0\" scrolling=\"no\" allow=\"clipboard-write\" seamless src=\"http://player.captivate.fm/episode/b2e6fe49-52db-4977-9b99-cf30c748b6be\"></iframe>","title":"V+M #95 - Voc\u00ea precisa conhecer o Movimento Armorial","description":"Se voc\u00ea ainda duvida que o nordeste \u00e9 um grande celeiro cultural brasileiro, n\u00e3o deixe de ouvir o programa desta semana. Conhe\u00e7am a riqueza est\u00e9tica do Movimento Armorial encabe\u00e7ado pelo inigual\u00e1vel Ariano Suassuna. \nNo programa tivemos a presen\u00e7a da Paula Valadares, Ester Sim\u00f5es e Francisco Valle. \n\nN\u00e3o se esque\u00e7a de compartilhar e dar um like ou rating nas plataformas onde divulgamos o Visual+mente, assim voc\u00ea nos ajuda a alcan\u00e7ar um p\u00fablico maior!","thumbnail_width":300,"thumbnail_height":300,"thumbnail_url":"https://artwork.captivate.fm/eb0b5b43-1956-48c0-8317-5290d7a0f067/artworks-000360775599-kclm86-t3000x3000.jpg"}