{"href":"http://player.captivate.fm/services/oembed?url=http%3A%2F%2Fplayer.captivate.fm%2Fepisode%2Fe2c55b19-8678-4a01-878b-9cdaf450fdfd","version":"1.0","provider_name":"Captivate.FM","provider_url":"https://www.captivate.fm","width":600,"height":200,"type":"rich","html":"<iframe style=\"width: 100%; height: 200px;\" title=\"\u00c9pisode 21: Retour sur la premi\u00e8re saison de J'ai des questions\" frameborder=\"0\" scrolling=\"no\" allow=\"clipboard-write\" seamless src=\"http://player.captivate.fm/episode/e2c55b19-8678-4a01-878b-9cdaf450fdfd\"></iframe>","title":"\u00c9pisode 21: Retour sur la premi\u00e8re saison de J'ai des questions","description":"Avec Mindy DeBoer\n\n\nC'est la fin de l'ann\u00e9e et Christina et \u00c9lohise avaient le go\u00fbt de parler avec Mindy, la productrice de J'ai des questions, des \u00e9pisodes et des invit\u00e9s qui les ont marqu\u00e9s pendant cette premi\u00e8re saison du podcast.\n\n\nQuel \u00e9pisode vous a demand\u00e9 le plus de pr\u00e9paration?  Quel.le invit\u00e9.e aimeriez-vous inviter \u00e0 souper?  Quelle question aimeriez-vous explorer en 2023?  C'est le genre de questions qu'on se pose dans cet \u00e9pisode de J'ai des questions.\n\n\nEt toi?  Quel \u00e9pisode t'a le plus marqu\u00e9?  Et quelle question aimerais-tu qu'on r\u00e9ponde en 2023? \n\n\nJ'ai des questions est une collaboration en Convergence Qu\u00e9bec et Pouvoir de Changer - \u00c9tudiants.","thumbnail_width":300,"thumbnail_height":300,"thumbnail_url":"https://artwork.captivate.fm/f2b3ec17-b4dc-4a41-9fdc-ee8fb9dcd678/gv7L2JG85QusRO3xB_VYVpJv.jpg"}